{"id":1087,"date":"2025-08-24T15:53:40","date_gmt":"2025-08-24T15:53:40","guid":{"rendered":"http:\/\/www.location-salvi.com\/?page_id=1087"},"modified":"2025-10-28T15:44:46","modified_gmt":"2025-10-28T15:44:46","slug":"appartement","status":"publish","type":"page","link":"https:\/\/www.location-salvi.com\/index.php\/appartement\/","title":{"rendered":"Appartement"},"content":{"rendered":"<section class=\"wpb-content-wrapper\"><p>[vc_row content_style=\u00a0\u00bbcontent_dark\u00a0\u00bb][vc_column content_style=\u00a0\u00bbcontent_dark\u00a0\u00bb][vc_custom_heading source=\u00a0\u00bb\u00a0\u00bb text=\u00a0\u00bbAppartement dans maison de charme\u00a0\u00bb font_container=\u00a0\u00bbtag:h1|font_size:27|text_align:left\u00a0\u00bb custom_heading_font_weights=\u00a0\u00bbfont-700&Prime; css=\u00a0\u00bb.vc_custom_1757348314733{margin-bottom: 20px !important;}\u00a0\u00bb][vc_custom_heading source=\u00a0\u00bb\u00a0\u00bb text=\u00a0\u00bbAu c\u0153ur du Haut-Doubs, notre charmant appartement F3 enti\u00e8rement \u00e9quip\u00e9 vous attend pour un s\u00e9jour tout confort dans une maison de caract\u00e8re. Agr\u00e9able appartement, dans un village entour\u00e9 de for\u00eats et de plaines. Int\u00e9rieur en pierres et en bois.\u00a0\u00bb font_container=\u00a0\u00bbtag:p|font_size:18|text_align:left\u00a0\u00bb custom_heading_font_weights=\u00a0\u00bbfont-600&Prime; css=\u00a0\u00bb.vc_custom_1756123366422{margin-bottom: 25px !important;}\u00a0\u00bb][vc_single_image image=\u00a0\u00bb1274&Prime; img_size=\u00a0\u00bbfull\u00a0\u00bb alignment=\u00a0\u00bbcenter\u00a0\u00bb][\/vc_column][\/vc_row][vc_row content_style=\u00a0\u00bbcontent_dark\u00a0\u00bb][vc_column content_style=\u00a0\u00bbcontent_dark\u00a0\u00bb][vc_column_text]<\/p>\n<h4><strong>DETAILS<\/strong><\/h4>\n<p><strong>Adresse :<\/strong> 15 grand&rsquo;route<br \/>\n<strong>Village :<\/strong>\u00a025160 Vaux et Chantegrue<br \/>\n<strong>Type de location :<\/strong> Appartement<br \/>\n<strong>Massif :<\/strong> Doubs<\/p>\n<h4><strong>CAPACIT\u00c9<\/strong><\/h4>\n<p>Capacit\u00e9 maximum :<strong> 5 \u00e0 6 personnes<\/strong><br \/>\nSurface : <strong>75 m2<\/strong><br \/>\nLit 2 places : 1<br \/>\nLit 1 place : 3<br \/>\nChambres : 3 + mezzanine<\/p>\n<h4><strong>EXT\u00c9RIEUR<\/strong><\/h4>\n<p>barbecue, jeux enfants jardin, parking priv\u00e9.<\/p>\n<h4><strong>\u00c9QUIPEMENTS<\/strong><\/h4>\n<p>Chauffage central (bois), lave linge, four, r\u00e9frig\u00e9rateur, t\u00e9l\u00e9vision.<\/p>\n<p><strong>A noter : Les animaux sont accept\u00e9s avec un suppl\u00e9ment (les animaux doivent imp\u00e9rativement \u00eatre signal\u00e9s \u00e0 la r\u00e9servation).<\/strong>[\/vc_column_text][\/vc_column][\/vc_row][vc_row content_style=\u00a0\u00bbcontent_dark\u00a0\u00bb][vc_column content_style=\u00a0\u00bbcontent_dark\u00a0\u00bb][vc_row_inner equal_height=\u00a0\u00bbyes\u00a0\u00bb content_placement=\u00a0\u00bbmiddle\u00a0\u00bb][vc_column_inner width=\u00a0\u00bb1\/2&Prime;][vc_single_image image=\u00a0\u00bb1265&Prime; img_size=\u00a0\u00bbfull\u00a0\u00bb alignment=\u00a0\u00bbcenter\u00a0\u00bb][\/vc_column_inner][vc_column_inner width=\u00a0\u00bb1\/2&Prime;][vc_column_text]<\/p>\n<h4><strong>TARIFS\u00a0<\/strong><\/h4>\n<p><strong>No\u00ebl :<\/strong> 850 \u20ac<br \/>\n<strong>Nouvel an :<\/strong> 850 \u20ac<br \/>\n<strong>Basse saison :<\/strong> Et\u00e9 595 \u20ac &#8211; Hiver 595 \u20ac<br \/>\n<strong>Moyenne saison :<\/strong> Et\u00e9 595 \u20ac Hiver 595 \u20ac<br \/>\n<strong>Haute saison:<\/strong>Et\u00e9 : 650 \u20ac &#8211; Hiver : 850 \u20ac<br \/>\n<strong>Vacances de printemps :<\/strong> 450 \u20ac<\/p>\n<p>Venez d\u00e9couvrir le Haut Doubs dans une ambiance Franc-comtoise.<\/p>\n<p>Nombreuses activit\u00e9s sur place : randonn\u00e9es, VTT, ski alpin, ski nordique, raquettes, luge d&rsquo;\u00e9t\u00e9 et d&rsquo;hiver, voile&#8230; A 10 mm de Metabief !<\/p>\n<p><strong>Nos tarifs sont donn\u00e9s pour une semaine &#8211; charges non comprises &#8211; Tarifs Week-End sur demande <\/strong>[\/vc_column_text][\/vc_column_inner][\/vc_row_inner][vc_separator color=\u00a0\u00bbcustom\u00a0\u00bb accent_color=\u00a0\u00bb#eeeeee\u00a0\u00bb css=\u00a0\u00bb.vc_custom_1606374739848{margin-top: 20px !important;margin-bottom: 30px !important;}\u00a0\u00bb][\/vc_column][\/vc_row][vc_row content_style=\u00a0\u00bbcontent_dark\u00a0\u00bb][vc_column content_style=\u00a0\u00bbcontent_dark\u00a0\u00bb][vc_gallery interval=\u00a0\u00bb3&Prime; images=\u00a0\u00bb1136,1254,1255,1256,1257,1258,1259,1260,1261,1262,1263,1264,1265,1266,1267,1270,1271,1272,1273&Prime; img_size=\u00a0\u00bblarge\u00a0\u00bb title=\u00a0\u00bbGalerie photos\u00a0\u00bb][\/vc_column][\/vc_row]<\/p>\n<\/section>","protected":false},"excerpt":{"rendered":"<p>[vc_row content_style=\u00a0\u00bbcontent_dark\u00a0\u00bb][vc_column content_style=\u00a0\u00bbcontent_dark\u00a0\u00bb][vc_custom_heading source=\u00a0\u00bb\u00a0\u00bb text=\u00a0\u00bbAppartement dans maison de charme\u00a0\u00bb font_container=\u00a0\u00bbtag:h1|font_size:27|text_align:left\u00a0\u00bb custom_heading_font_weights=\u00a0\u00bbfont-700&Prime; css=\u00a0\u00bb.vc_custom_1757348314733{margin-bottom: 20px !important;}\u00a0\u00bb][vc_custom_heading source=\u00a0\u00bb\u00a0\u00bb text=\u00a0\u00bbAu c\u0153ur du Haut-Doubs, notre charmant appartement F3 enti\u00e8rement \u00e9quip\u00e9 vous attend pour un s\u00e9jour tout confort dans une maison de caract\u00e8re. Agr\u00e9able appartement, dans un village entour\u00e9 de for\u00eats et de plaines. Int\u00e9rieur en pierres et en bois.\u00a0\u00bb font_container=\u00a0\u00bbtag:p|font_size:18|text_align:left\u00a0\u00bb [&hellip;]<\/p>\n","protected":false},"author":1,"featured_media":0,"parent":0,"menu_order":0,"comment_status":"closed","ping_status":"closed","template":"sidebar-right.php","meta":{"footnotes":""},"class_list":["post-1087","page","type-page","status-publish","hentry"],"acf":[],"_links":{"self":[{"href":"https:\/\/www.location-salvi.com\/index.php\/wp-json\/wp\/v2\/pages\/1087","targetHints":{"allow":["GET"]}}],"collection":[{"href":"https:\/\/www.location-salvi.com\/index.php\/wp-json\/wp\/v2\/pages"}],"about":[{"href":"https:\/\/www.location-salvi.com\/index.php\/wp-json\/wp\/v2\/types\/page"}],"author":[{"embeddable":true,"href":"https:\/\/www.location-salvi.com\/index.php\/wp-json\/wp\/v2\/users\/1"}],"replies":[{"embeddable":true,"href":"https:\/\/www.location-salvi.com\/index.php\/wp-json\/wp\/v2\/comments?post=1087"}],"version-history":[{"count":13,"href":"https:\/\/www.location-salvi.com\/index.php\/wp-json\/wp\/v2\/pages\/1087\/revisions"}],"predecessor-version":[{"id":1349,"href":"https:\/\/www.location-salvi.com\/index.php\/wp-json\/wp\/v2\/pages\/1087\/revisions\/1349"}],"wp:attachment":[{"href":"https:\/\/www.location-salvi.com\/index.php\/wp-json\/wp\/v2\/media?parent=1087"}],"curies":[{"name":"wp","href":"https:\/\/api.w.org\/{rel}","templated":true}]}}